{"id":1063,"date":"2018-12-11T07:46:59","date_gmt":"2018-12-11T07:46:59","guid":{"rendered":"http:\/\/www.walkinglugano.ch\/?page_id=1063"},"modified":"2026-03-26T18:51:23","modified_gmt":"2026-03-26T18:51:23","slug":"faq-le-risposte-alle-domande-piu-frequenti","status":"publish","type":"page","link":"https:\/\/www.walkinglugano.ch\/?page_id=1063","title":{"rendered":"FAQ: le risposte alle domande pi\u00f9 frequenti!"},"content":{"rendered":"\n<h4 class=\"wp-block-heading\"><strong>ISCRIZIONI<\/strong><\/h4>\n\n\n\n<p><strong>Come posso iscrivermi all\u2019evento?<\/strong><\/p>\n\n\n\n<ul class=\"wp-block-list\">\n<li><strong><a href=\"https:\/\/www.walkinglugano.ch\/?page_id=69\" target=\"_blank\" rel=\"noopener noreferrer\">maggiori info<\/a><\/strong><\/li>\n<\/ul>\n\n\n\n<p><strong><br>\nPosso iscrivermi sul posto?<br>\n<\/strong>\u00c8 possibile iscriversi sul posto (Piazza Manzoni, Lugano):<\/p>\n\n\n\n<ul class=\"wp-block-list\">\n<li>Sabato 28 marzo 2026: dalle 15.00 alle 17.00 (Piazza Manzoni, Lugano)<\/li>\n\n\n\n<li>Domenica 29 marzo 2026: dalle 9.00 (Piazza Manzoni, Lugano)<\/li>\n<\/ul>\n\n\n\n<p><strong><br>\nQuali sono i termini d\u2019iscrizione?<\/strong><\/p>\n\n\n\n<ul class=\"wp-block-list\">\n<li><strong><a href=\"https:\/\/www.walkinglugano.ch\/?page_id=2\" target=\"_blank\" rel=\"noopener noreferrer\">maggiori info<\/a><\/strong><\/li>\n<\/ul>\n\n\n\n<p><strong><br>\nVi sono sconti o tariffe speciali?<\/strong><\/p>\n\n\n\n<ul class=\"wp-block-list\">\n<li><strong><a href=\"https:\/\/www.walkinglugano.ch\/?page_id=93\" target=\"_blank\" rel=\"noopener noreferrer\">maggiori info<\/a><\/strong><\/li>\n<\/ul>\n\n\n\n<hr class=\"wp-block-separator has-alpha-channel-opacity\"\/>\n\n\n\n<h4 class=\"wp-block-heading\"><strong>PETTORALI, LISTE DI PARTENZA E CLASSIFICHE<\/strong><\/h4>\n\n\n\n<p><strong>Dove si possono visualizzare le liste di partenza e le classifiche?<\/strong><br> Si possono visualizzare al seguente <a href=\"https:\/\/performancetiming.ch\/race-info\/377384\"><strong>link<\/strong><\/a><\/p>\n\n\n\n<p><strong><br>\nMi sono iscritta all\u2019evento ma il mio nome non figura nelle liste di partenza. Cosa devo fare?<\/strong><br>\nScrivete una email a info@walkinglugano.ch allegando una conferma \/ certificazione di pagamento.<\/p>\n\n\n\n<p><strong><br><br>I pettorali vengono inviati a casa?<\/strong><br>Da quest&#8217;anno <strong>tutti i pettorali sono da ritirare sul posto<\/strong> (Piazza Manzoni, sabato 28 marzo dalle 15.00 alle 17.00 oppure domenica 29 marzo dalle 9.00), ad <strong>eccezione dei percorsi Agno e Melide <\/strong>(invio a casa del pettorale per tutte le iscrizioni entro il 12 marzo. Coloro che si sono iscritti dopo questo termine il ritiro del pettorale \u00e8 previsto sul posto negli orari e luogo indicati sopra).<\/p>\n\n\n\n<p><strong><br>\nIl pacco gara viene spedito a casa?<\/strong><br>\nNo, il pacco gara \u00e8 da ritirare sul posto (Piazza Riforma, Lugano):<\/p>\n\n\n\n<ul class=\"wp-block-list\">\n<li><strong><a href=\"https:\/\/www.walkinglugano.ch\/?page_id=73\" target=\"_blank\" rel=\"noopener noreferrer\">orari ritiro pacco gara<\/a><\/strong><\/li>\n<\/ul>\n\n\n\n<p><strong><br><br>Percorsi Agno e Melide: non ho ricevuto il pettorale a casa\u2026<\/strong><br>Verifichi che si \u00e8 iscritto entro i termini (12 marzo) e che il suo nome figura sulla lista di partenza. Purtroppo accade che dei pettorali vadano persi. Contatti l&#8217;amministrazione Walking Lugano (info@walkignlugano.ch) entro gioved\u00ec 26 marzo oppure il giorno dell&#8217;evento si rechi presso il tavolo &#8220;ritiro pettorali sul posto&#8221;, un nostro collaboratore distribuir\u00e0 un nuovo pettorale.<\/p>\n\n\n\n<p><strong><br><br>Come posso beneficiare della carta giornaliera Arcobaleno inclusa nell\u2019iscrizione?<\/strong><br>La carta giornaliera Arcobaleno (2a classe, tutte le zone Ticino e Moesano, valida il 29 marzo 2026) verr\u00e0 inviata via email a tutti gli iscritti alcuni giorni prima dell&#8217;evento da peformancetiming.ch<\/p>\n\n\n\n<hr class=\"wp-block-separator has-alpha-channel-opacity\"\/>\n\n\n\n<h4 class=\"wp-block-heading\"><strong>PACCO GARA E PREMI<\/strong><\/h4>\n\n\n\n<p><strong>Dove e quando posso ritirare il pacco gara?<\/strong><\/p>\n\n\n\n<ul class=\"wp-block-list\">\n<li><strong><a href=\"https:\/\/www.walkinglugano.ch\/?page_id=73\" target=\"_blank\" rel=\"noopener noreferrer\">orari ritiro pacco gara<\/a><\/strong><\/li>\n<\/ul>\n\n\n\n<p><strong><br>\nIl pranzo \u00e8 incluso nella quota d\u2019iscrizione?<\/strong><br>\nNo.<\/p>\n\n\n\n<p><\/p>\n\n\n\n<p><strong>Sono previsti premi?<\/strong><br> Per il Br\u00e8 City Trail vengono premiati la prima donna ed il primo uomo assoluti.<br>I premi sono consegnati sul posto ai presenti (nessun invio via posta in caso di assenza alla premiazione). Le categorie walking e nordic walking non sono competitive e non prevedono alcuna premiazione.<\/p>\n\n\n\n<hr class=\"wp-block-separator has-alpha-channel-opacity\"\/>\n\n\n\n<h4 class=\"wp-block-heading\"><strong>ASSICURAZIONI E MANCATA PARTECIPAZIONE<\/strong><\/h4>\n\n\n\n<p><strong>Ho avuto un contrattempo (infortunio, malattia, imprevisto): \u00e8 possibile rimborsarmi la quota d\u2019iscrizione?<\/strong><br>No, in caso di mancata partecipazione la quota d\u2019iscrizione non viene rimborsata. \u00c8 per\u00f2 possibile per\u00f2 cedere la propria iscrizione a un familiare, amico o conoscente.  <\/p>\n\n\n\n<hr class=\"wp-block-separator has-alpha-channel-opacity\"\/>\n\n\n\n<h4 class=\"wp-block-heading\"><strong>MODIFICHE PERCORSO<\/strong><\/h4>\n\n\n\n<p><strong>\u00c8 possibile cambiare percorso?<\/strong><br> S\u00ec, il cambiamento di percorso \u00e8 soggetto ad un supplemento di CHF 5&nbsp; (pi\u00f9 eventuale differenza di prezzo nel caso in cui si passa in una categoria di prezzo superiore).<\/p>\n\n\n\n<hr class=\"wp-block-separator has-alpha-channel-opacity\"\/>\n\n\n\n<h4 class=\"wp-block-heading\"><strong>PERCORSI ED EVENTO<\/strong><\/h4>\n\n\n\n<p><strong>\u00c8 possibile correre lungo i percorsi walking e nordic walking?<\/strong><br>No, \u00e8 vietato correre lungo i percorsi walking\/nordic walking, la manifestazione non \u00e8 competitiva e si svolge nel rispetto del proprio benessere e di quello degli altri partecipanti. L\u2019organizzatore si riserva il diritto di eliminare dalla lista d\u2019arrivo eventuali trasgressori.<\/p>\n\n\n\n<p><strong><br>\nL\u2019evento si svolge con qualsiasi tempo?<\/strong><br>\nS\u00ec.<\/p>\n\n\n\n<p><strong><br><br>\u00c8 possibile partecipare all&#8217;evento con il proprio cane?<\/strong><br>S\u00ec, se tenuto sempre al guinzaglio.<\/p>\n\n\n\n<hr class=\"wp-block-separator has-alpha-channel-opacity\"\/>\n\n\n\n<h4 class=\"wp-block-heading\"><strong>TRASPORTI<\/strong><\/h4>\n\n\n\n<p><strong>I trasporti pubblici sono inclusi nella quota d\u2019iscrizione?<\/strong><br> S\u00ec, l&#8217;iscrizione include una carta giornaliera Arcobaleno (2a classe, tutte le zone Ticino e Moesano, valida il giorno dell\u2019evento &#8211; inviata via email agli iscritti).<\/p>\n","protected":false},"excerpt":{"rendered":"<p><a class=\"read-more\" href=\"https:\/\/www.walkinglugano.ch\/?page_id=1063\">Info<\/a><\/p>\n","protected":false},"author":2,"featured_media":0,"parent":0,"menu_order":0,"comment_status":"closed","ping_status":"closed","template":"","meta":{"footnotes":""},"class_list":["post-1063","page","type-page","status-publish","hentry"],"_links":{"self":[{"href":"https:\/\/www.walkinglugano.ch\/index.php?rest_route=\/wp\/v2\/pages\/1063","targetHints":{"allow":["GET"]}}],"collection":[{"href":"https:\/\/www.walkinglugano.ch\/index.php?rest_route=\/wp\/v2\/pages"}],"about":[{"href":"https:\/\/www.walkinglugano.ch\/index.php?rest_route=\/wp\/v2\/types\/page"}],"author":[{"embeddable":true,"href":"https:\/\/www.walkinglugano.ch\/index.php?rest_route=\/wp\/v2\/users\/2"}],"replies":[{"embeddable":true,"href":"https:\/\/www.walkinglugano.ch\/index.php?rest_route=%2Fwp%2Fv2%2Fcomments&post=1063"}],"version-history":[{"count":32,"href":"https:\/\/www.walkinglugano.ch\/index.php?rest_route=\/wp\/v2\/pages\/1063\/revisions"}],"predecessor-version":[{"id":4628,"href":"https:\/\/www.walkinglugano.ch\/index.php?rest_route=\/wp\/v2\/pages\/1063\/revisions\/4628"}],"wp:attachment":[{"href":"https:\/\/www.walkinglugano.ch\/index.php?rest_route=%2Fwp%2Fv2%2Fmedia&parent=1063"}],"curies":[{"name":"wp","href":"https:\/\/api.w.org\/{rel}","templated":true}]}}